{"id":19406,"date":"2026-04-09T10:50:18","date_gmt":"2026-04-09T15:50:18","guid":{"rendered":"https:\/\/pcbc.org\/event\/dia-de-las-madres\/"},"modified":"2026-04-24T14:34:18","modified_gmt":"2026-04-24T19:34:18","slug":"dia-de-las-madres","status":"publish","type":"tribe_events","link":"https:\/\/pcbc.org\/es\/event\/dia-de-las-madres\/","title":{"rendered":"D\u00eda de las Madres"},"content":{"rendered":"<div class=\"\" data-turn-id-container=\"9b66bb95-ab8e-4890-8f10-7645e7cb93ec\" data-is-intersecting=\"true\">\n<section class=\"text-token-text-primary w-full focus:outline-none [--shadow-height:45px] has-data-writing-block:pointer-events-none has-data-writing-block:-mt-(--shadow-height) has-data-writing-block:pt-(--shadow-height) [&amp;:has([data-writing-block])&gt;*]:pointer-events-auto R6Vx5W_threadScrollVars scroll-mb-[calc(var(--scroll-root-safe-area-inset-bottom,0px)+var(--thread-response-height))] scroll-mt-(--header-height)\" dir=\"auto\" data-turn-id=\"9b66bb95-ab8e-4890-8f10-7645e7cb93ec\" data-testid=\"conversation-turn-25\" data-scroll-anchor=\"false\" data-turn=\"user\">\n<div class=\"text-base my-auto mx-auto pt-12 [--thread-content-margin:var(--thread-content-margin-xs,calc(var(--spacing)*4))] @w-sm\/main:[--thread-content-margin:var(--thread-content-margin-sm,calc(var(--spacing)*6))] @w-lg\/main:[--thread-content-margin:var(--thread-content-margin-lg,calc(var(--spacing)*16))] px-(--thread-content-margin)\">\n<div class=\"[--thread-content-max-width:40rem] @w-lg\/main:[--thread-content-max-width:48rem] mx-auto max-w-(--thread-content-max-width) flex-1 group\/turn-messages focus-visible:outline-hidden relative flex w-full min-w-0 flex-col\">\n<div class=\"flex max-w-full flex-col gap-4 grow\">\n<div class=\"min-h-8 text-message relative flex w-full flex-col items-end gap-2 text-start break-words whitespace-normal outline-none keyboard-focused:focus-ring [.text-message+&amp;]:mt-1\" dir=\"auto\" data-message-author-role=\"user\" data-message-id=\"9b66bb95-ab8e-4890-8f10-7645e7cb93ec\">\n<div class=\"flex w-full flex-col gap-1 empty:hidden items-end rtl:items-start\">\n<div class=\"user-message-bubble-color corner-superellipse\/0.98 relative min-w-0 rounded-[22px] px-4 py-2.5 leading-6 max-w-(--user-chat-width,70%)\">\n<div class=\"[overflow-wrap:anywhere] whitespace-pre-wrap\">\n<p>\u00a1Celebra el D\u00eda de las Madres con nosotros el domingo 10 de mayo! Habr\u00e1 arreglos de flores, un espacio para fotos y un hermoso tiempo de adoraci\u00f3n en un servicio especial para honrar a las mam\u00e1s.<\/p>\n<\/div>\n<\/div>\n<\/div>\n<\/div>\n<\/div>\n<\/div>\n<\/div>\n<\/section>\n<\/div>\n<div class=\"\" data-turn-id-container=\"request-WEB:1f588a40-8ad3-47b0-80cb-304637d7fcad-18\" data-is-intersecting=\"true\">\n<section class=\"text-token-text-primary w-full focus:outline-none [--shadow-height:45px] has-data-writing-block:pointer-events-none has-data-writing-block:-mt-(--shadow-height) has-data-writing-block:pt-(--shadow-height) [&amp;:has([data-writing-block])&gt;*]:pointer-events-auto R6Vx5W_threadScrollVars scroll-mb-[calc(var(--scroll-root-safe-area-inset-bottom,0px)+var(--thread-response-height))] scroll-mt-[calc(var(--header-height)+min(200px,max(70px,20svh)))]\" dir=\"auto\" data-turn-id=\"request-WEB:1f588a40-8ad3-47b0-80cb-304637d7fcad-18\" data-testid=\"conversation-turn-26\" data-scroll-anchor=\"false\" data-turn=\"assistant\">\n<div class=\"text-base my-auto mx-auto pb-10 [--thread-content-margin:var(--thread-content-margin-xs,calc(var(--spacing)*4))] @w-sm\/main:[--thread-content-margin:var(--thread-content-margin-sm,calc(var(--spacing)*6))] @w-lg\/main:[--thread-content-margin:var(--thread-content-margin-lg,calc(var(--spacing)*16))] px-(--thread-content-margin)\">\n<div class=\"[--thread-content-max-width:40rem] @w-lg\/main:[--thread-content-max-width:48rem] mx-auto max-w-(--thread-content-max-width) flex-1 group\/turn-messages focus-visible:outline-hidden relative flex w-full min-w-0 flex-col agent-turn\">\n<div class=\"flex max-w-full flex-col gap-4 grow\">\n<div class=\"min-h-8 text-message relative flex w-full flex-col items-end gap-2 text-start break-words whitespace-normal outline-none keyboard-focused:focus-ring [.text-message+&amp;]:mt-1\" dir=\"auto\" tabindex=\"0\" data-message-author-role=\"assistant\" data-message-id=\"b692b892-dfc0-4384-bb36-bcbbcce52ca7\" data-message-model-slug=\"gpt-5-3-mini\" data-turn-start-message=\"true\">\n<div class=\"flex w-full flex-col gap-1 empty:hidden\">\n<div class=\"markdown prose dark:prose-invert w-full wrap-break-word light markdown-new-styling\">\n<p data-start=\"444\" data-end=\"485\" data-is-last-node=\"\" data-is-only-node=\"\">\u00a1Esperamos celebrar contigo y tu familia!<\/p>\n<\/div>\n<\/div>\n<\/div>\n<\/div>\n<\/div>\n<\/div>\n<\/section>\n<\/div>\n","protected":false},"excerpt":{"rendered":"<p>\u00a1Celebra el D\u00eda de las Madres con nosotros el domingo 10 de mayo! Habr\u00e1 arreglos de flores, un espacio para fotos y un hermoso tiempo de adoraci\u00f3n en un servicio&hellip; <a class=\"more-link\" href=\"https:\/\/pcbc.org\/es\/event\/dia-de-las-madres\/\">Sigue Leyendo<\/a><\/p>\n","protected":false},"author":12,"featured_media":19409,"template":"","meta":{"_acf_changed":false,"_tribe_events_status":"","_tribe_events_status_reason":"","_tribe_events_is_hybrid":"","_tribe_events_is_virtual":"","_tribe_events_virtual_video_source":"","_tribe_events_virtual_embed_video":"","_tribe_events_virtual_linked_button_text":"","_tribe_events_virtual_linked_button":"","_tribe_events_virtual_show_embed_at":"","_tribe_events_virtual_show_embed_to":[],"_tribe_events_virtual_show_on_event":"","_tribe_events_virtual_show_on_views":"","_tribe_events_virtual_url":"","footnotes":""},"tags":[],"tribe_events_cat":[291],"class_list":["post-19406","tribe_events","type-tribe_events","status-publish","has-post-thumbnail","hentry","tribe_events_cat-mujeres-2","cat_mujeres-2"],"acf":[],"yoast_head":"<!-- This site is optimized with the Yoast SEO Premium plugin v27.3 (Yoast SEO v27.3) - https:\/\/yoast.com\/product\/yoast-seo-premium-wordpress\/ -->\n<title>D\u00eda de las Madres - Park Cities Baptist Church<\/title>\n<meta name=\"description\" content=\"\u00a1Celebra el D\u00eda de las Madres con nosotros el domingo 10 de mayo! Habr\u00e1 arreglos de flores, un espacio para fotos y un hermoso tiempo de adoraci\u00f3n en un\" \/>\n<meta name=\"robots\" content=\"index, follow, max-snippet:-1, max-image-preview:large, max-video-preview:-1\" \/>\n<link rel=\"canonical\" href=\"https:\/\/pcbc.org\/es\/event\/dia-de-las-madres\/\" \/>\n<meta property=\"og:locale\" content=\"es_ES\" \/>\n<meta property=\"og:type\" content=\"article\" \/>\n<meta property=\"og:title\" content=\"D\u00eda de las Madres\" \/>\n<meta property=\"og:description\" content=\"\u00a1Celebra el D\u00eda de las Madres con nosotros el domingo 10 de mayo! Habr\u00e1 arreglos de flores, un espacio para fotos y un hermoso tiempo de adoraci\u00f3n en un\" \/>\n<meta property=\"og:url\" content=\"https:\/\/pcbc.org\/es\/event\/dia-de-las-madres\/\" \/>\n<meta property=\"og:site_name\" content=\"Park Cities Baptist Church\" \/>\n<meta property=\"article:publisher\" content=\"https:\/\/www.facebook.com\/parkcitiesbaptist\" \/>\n<meta property=\"article:modified_time\" content=\"2026-04-24T19:34:18+00:00\" \/>\n<meta property=\"og:image\" content=\"https:\/\/pcbc.org\/wp-content\/uploads\/2026\/04\/Dia-de-las-madres.jpg\" \/>\n\t<meta property=\"og:image:width\" content=\"1920\" \/>\n\t<meta property=\"og:image:height\" content=\"1080\" \/>\n\t<meta property=\"og:image:type\" content=\"image\/jpeg\" \/>\n<meta name=\"twitter:card\" content=\"summary_large_image\" \/>\n<meta name=\"twitter:site\" content=\"@parkcitiesbap\" \/>\n<meta name=\"twitter:label1\" content=\"Tiempo de lectura\" \/>\n\t<meta name=\"twitter:data1\" content=\"1 minuto\" \/>\n<script type=\"application\/ld+json\" class=\"yoast-schema-graph\">{\"@context\":\"https:\\\/\\\/schema.org\",\"@graph\":[{\"@type\":\"WebPage\",\"@id\":\"https:\\\/\\\/pcbc.org\\\/es\\\/event\\\/dia-de-las-madres\\\/\",\"url\":\"https:\\\/\\\/pcbc.org\\\/es\\\/event\\\/dia-de-las-madres\\\/\",\"name\":\"D\u00eda de las Madres - Park Cities Baptist Church\",\"isPartOf\":{\"@id\":\"https:\\\/\\\/pcbc.org\\\/es\\\/#website\"},\"primaryImageOfPage\":{\"@id\":\"https:\\\/\\\/pcbc.org\\\/es\\\/event\\\/dia-de-las-madres\\\/#primaryimage\"},\"image\":{\"@id\":\"https:\\\/\\\/pcbc.org\\\/es\\\/event\\\/dia-de-las-madres\\\/#primaryimage\"},\"thumbnailUrl\":\"https:\\\/\\\/pcbc.org\\\/wp-content\\\/uploads\\\/2026\\\/04\\\/Dia-de-las-madres.jpg\",\"datePublished\":\"2026-04-09T15:50:18+00:00\",\"dateModified\":\"2026-04-24T19:34:18+00:00\",\"description\":\"\u00a1Celebra el D\u00eda de las Madres con nosotros el domingo 10 de mayo! Habr\u00e1 arreglos de flores, un espacio para fotos y un hermoso tiempo de adoraci\u00f3n en un\",\"breadcrumb\":{\"@id\":\"https:\\\/\\\/pcbc.org\\\/es\\\/event\\\/dia-de-las-madres\\\/#breadcrumb\"},\"inLanguage\":\"es\",\"potentialAction\":[{\"@type\":\"ReadAction\",\"target\":[\"https:\\\/\\\/pcbc.org\\\/es\\\/event\\\/dia-de-las-madres\\\/\"]}]},{\"@type\":\"ImageObject\",\"inLanguage\":\"es\",\"@id\":\"https:\\\/\\\/pcbc.org\\\/es\\\/event\\\/dia-de-las-madres\\\/#primaryimage\",\"url\":\"https:\\\/\\\/pcbc.org\\\/wp-content\\\/uploads\\\/2026\\\/04\\\/Dia-de-las-madres.jpg\",\"contentUrl\":\"https:\\\/\\\/pcbc.org\\\/wp-content\\\/uploads\\\/2026\\\/04\\\/Dia-de-las-madres.jpg\",\"width\":1920,\"height\":1080,\"caption\":\"Screenshot\"},{\"@type\":\"BreadcrumbList\",\"@id\":\"https:\\\/\\\/pcbc.org\\\/es\\\/event\\\/dia-de-las-madres\\\/#breadcrumb\",\"itemListElement\":[{\"@type\":\"ListItem\",\"position\":1,\"name\":\"Home\",\"item\":\"https:\\\/\\\/pcbc.org\\\/es\\\/\"},{\"@type\":\"ListItem\",\"position\":2,\"name\":\"Events\",\"item\":\"https:\\\/\\\/pcbc.org\\\/es\\\/eventos\\\/\"},{\"@type\":\"ListItem\",\"position\":3,\"name\":\"D\u00eda de las Madres\"}]},{\"@type\":\"WebSite\",\"@id\":\"https:\\\/\\\/pcbc.org\\\/es\\\/#website\",\"url\":\"https:\\\/\\\/pcbc.org\\\/es\\\/\",\"name\":\"Park Cities Baptist Church\",\"description\":\"Leading all generations to love Jesus\",\"publisher\":{\"@id\":\"https:\\\/\\\/pcbc.org\\\/es\\\/#organization\"},\"alternateName\":\"PCBC\",\"potentialAction\":[{\"@type\":\"SearchAction\",\"target\":{\"@type\":\"EntryPoint\",\"urlTemplate\":\"https:\\\/\\\/pcbc.org\\\/es\\\/?s={search_term_string}\"},\"query-input\":{\"@type\":\"PropertyValueSpecification\",\"valueRequired\":true,\"valueName\":\"search_term_string\"}}],\"inLanguage\":\"es\"},{\"@type\":\"Organization\",\"@id\":\"https:\\\/\\\/pcbc.org\\\/es\\\/#organization\",\"name\":\"Park Cities Baptist Church\",\"alternateName\":\"PCBC\",\"url\":\"https:\\\/\\\/pcbc.org\\\/es\\\/\",\"logo\":{\"@type\":\"ImageObject\",\"inLanguage\":\"es\",\"@id\":\"https:\\\/\\\/pcbc.org\\\/es\\\/#\\\/schema\\\/logo\\\/image\\\/\",\"url\":\"https:\\\/\\\/pcbc.org\\\/wp-content\\\/uploads\\\/2024\\\/07\\\/Logo.png\",\"contentUrl\":\"https:\\\/\\\/pcbc.org\\\/wp-content\\\/uploads\\\/2024\\\/07\\\/Logo.png\",\"width\":600,\"height\":126,\"caption\":\"Park Cities Baptist Church\"},\"image\":{\"@id\":\"https:\\\/\\\/pcbc.org\\\/es\\\/#\\\/schema\\\/logo\\\/image\\\/\"},\"sameAs\":[\"https:\\\/\\\/www.facebook.com\\\/parkcitiesbaptist\",\"https:\\\/\\\/x.com\\\/parkcitiesbap\",\"https:\\\/\\\/www.instagram.com\\\/parkcitiesbaptistchurch\\\/\",\"https:\\\/\\\/www.youtube.com\\\/parkcitiesbaptistchurch\"]}]}<\/script>\n<!-- \/ Yoast SEO Premium plugin. -->","yoast_head_json":{"title":"D\u00eda de las Madres - Park Cities Baptist Church","description":"\u00a1Celebra el D\u00eda de las Madres con nosotros el domingo 10 de mayo! Habr\u00e1 arreglos de flores, un espacio para fotos y un hermoso tiempo de adoraci\u00f3n en un","robots":{"index":"index","follow":"follow","max-snippet":"max-snippet:-1","max-image-preview":"max-image-preview:large","max-video-preview":"max-video-preview:-1"},"canonical":"https:\/\/pcbc.org\/es\/event\/dia-de-las-madres\/","og_locale":"es_ES","og_type":"article","og_title":"D\u00eda de las Madres","og_description":"\u00a1Celebra el D\u00eda de las Madres con nosotros el domingo 10 de mayo! Habr\u00e1 arreglos de flores, un espacio para fotos y un hermoso tiempo de adoraci\u00f3n en un","og_url":"https:\/\/pcbc.org\/es\/event\/dia-de-las-madres\/","og_site_name":"Park Cities Baptist Church","article_publisher":"https:\/\/www.facebook.com\/parkcitiesbaptist","article_modified_time":"2026-04-24T19:34:18+00:00","og_image":[{"width":1920,"height":1080,"url":"https:\/\/pcbc.org\/wp-content\/uploads\/2026\/04\/Dia-de-las-madres.jpg","type":"image\/jpeg"}],"twitter_card":"summary_large_image","twitter_site":"@parkcitiesbap","twitter_misc":{"Tiempo de lectura":"1 minuto"},"schema":{"@context":"https:\/\/schema.org","@graph":[{"@type":"WebPage","@id":"https:\/\/pcbc.org\/es\/event\/dia-de-las-madres\/","url":"https:\/\/pcbc.org\/es\/event\/dia-de-las-madres\/","name":"D\u00eda de las Madres - Park Cities Baptist Church","isPartOf":{"@id":"https:\/\/pcbc.org\/es\/#website"},"primaryImageOfPage":{"@id":"https:\/\/pcbc.org\/es\/event\/dia-de-las-madres\/#primaryimage"},"image":{"@id":"https:\/\/pcbc.org\/es\/event\/dia-de-las-madres\/#primaryimage"},"thumbnailUrl":"https:\/\/pcbc.org\/wp-content\/uploads\/2026\/04\/Dia-de-las-madres.jpg","datePublished":"2026-04-09T15:50:18+00:00","dateModified":"2026-04-24T19:34:18+00:00","description":"\u00a1Celebra el D\u00eda de las Madres con nosotros el domingo 10 de mayo! Habr\u00e1 arreglos de flores, un espacio para fotos y un hermoso tiempo de adoraci\u00f3n en un","breadcrumb":{"@id":"https:\/\/pcbc.org\/es\/event\/dia-de-las-madres\/#breadcrumb"},"inLanguage":"es","potentialAction":[{"@type":"ReadAction","target":["https:\/\/pcbc.org\/es\/event\/dia-de-las-madres\/"]}]},{"@type":"ImageObject","inLanguage":"es","@id":"https:\/\/pcbc.org\/es\/event\/dia-de-las-madres\/#primaryimage","url":"https:\/\/pcbc.org\/wp-content\/uploads\/2026\/04\/Dia-de-las-madres.jpg","contentUrl":"https:\/\/pcbc.org\/wp-content\/uploads\/2026\/04\/Dia-de-las-madres.jpg","width":1920,"height":1080,"caption":"Screenshot"},{"@type":"BreadcrumbList","@id":"https:\/\/pcbc.org\/es\/event\/dia-de-las-madres\/#breadcrumb","itemListElement":[{"@type":"ListItem","position":1,"name":"Home","item":"https:\/\/pcbc.org\/es\/"},{"@type":"ListItem","position":2,"name":"Events","item":"https:\/\/pcbc.org\/es\/eventos\/"},{"@type":"ListItem","position":3,"name":"D\u00eda de las Madres"}]},{"@type":"WebSite","@id":"https:\/\/pcbc.org\/es\/#website","url":"https:\/\/pcbc.org\/es\/","name":"Park Cities Baptist Church","description":"Leading all generations to love Jesus","publisher":{"@id":"https:\/\/pcbc.org\/es\/#organization"},"alternateName":"PCBC","potentialAction":[{"@type":"SearchAction","target":{"@type":"EntryPoint","urlTemplate":"https:\/\/pcbc.org\/es\/?s={search_term_string}"},"query-input":{"@type":"PropertyValueSpecification","valueRequired":true,"valueName":"search_term_string"}}],"inLanguage":"es"},{"@type":"Organization","@id":"https:\/\/pcbc.org\/es\/#organization","name":"Park Cities Baptist Church","alternateName":"PCBC","url":"https:\/\/pcbc.org\/es\/","logo":{"@type":"ImageObject","inLanguage":"es","@id":"https:\/\/pcbc.org\/es\/#\/schema\/logo\/image\/","url":"https:\/\/pcbc.org\/wp-content\/uploads\/2024\/07\/Logo.png","contentUrl":"https:\/\/pcbc.org\/wp-content\/uploads\/2024\/07\/Logo.png","width":600,"height":126,"caption":"Park Cities Baptist Church"},"image":{"@id":"https:\/\/pcbc.org\/es\/#\/schema\/logo\/image\/"},"sameAs":["https:\/\/www.facebook.com\/parkcitiesbaptist","https:\/\/x.com\/parkcitiesbap","https:\/\/www.instagram.com\/parkcitiesbaptistchurch\/","https:\/\/www.youtube.com\/parkcitiesbaptistchurch"]}]}},"_links":{"self":[{"href":"https:\/\/pcbc.org\/es\/wp-json\/wp\/v2\/tribe_events\/19406","targetHints":{"allow":["GET"]}}],"collection":[{"href":"https:\/\/pcbc.org\/es\/wp-json\/wp\/v2\/tribe_events"}],"about":[{"href":"https:\/\/pcbc.org\/es\/wp-json\/wp\/v2\/types\/tribe_events"}],"author":[{"embeddable":true,"href":"https:\/\/pcbc.org\/es\/wp-json\/wp\/v2\/users\/12"}],"version-history":[{"count":4,"href":"https:\/\/pcbc.org\/es\/wp-json\/wp\/v2\/tribe_events\/19406\/revisions"}],"predecessor-version":[{"id":19412,"href":"https:\/\/pcbc.org\/es\/wp-json\/wp\/v2\/tribe_events\/19406\/revisions\/19412"}],"wp:featuredmedia":[{"embeddable":true,"href":"https:\/\/pcbc.org\/es\/wp-json\/wp\/v2\/media\/19409"}],"wp:attachment":[{"href":"https:\/\/pcbc.org\/es\/wp-json\/wp\/v2\/media?parent=19406"}],"wp:term":[{"taxonomy":"post_tag","embeddable":true,"href":"https:\/\/pcbc.org\/es\/wp-json\/wp\/v2\/tags?post=19406"},{"taxonomy":"tribe_events_cat","embeddable":true,"href":"https:\/\/pcbc.org\/es\/wp-json\/wp\/v2\/tribe_events_cat?post=19406"}],"curies":[{"name":"wp","href":"https:\/\/api.w.org\/{rel}","templated":true}]}}