{"id":5715,"date":"2025-03-17T20:39:49","date_gmt":"2025-03-18T01:39:49","guid":{"rendered":"https:\/\/pcbc.org\/pascua-2025\/"},"modified":"2026-04-03T12:24:06","modified_gmt":"2026-04-03T17:24:06","slug":"pascua2026","status":"publish","type":"page","link":"https:\/\/pcbc.org\/es\/pascua2026\/","title":{"rendered":"Pascua"},"content":{"rendered":"\n<div class=\"wp-block-cover alignfull\" style=\"padding-top:var(--wp--preset--spacing--100);padding-bottom:var(--wp--preset--spacing--100)\"><img loading=\"lazy\" decoding=\"async\" width=\"1600\" height=\"800\" class=\"wp-block-cover__image-background wp-image-17818 size-large\" alt=\"\" src=\"https:\/\/pcbc.org\/wp-content\/uploads\/2026\/03\/PCBC_HolyWeekBG-1600x800.jpg\" data-object-fit=\"cover\" srcset=\"https:\/\/pcbc.org\/wp-content\/uploads\/2026\/03\/PCBC_HolyWeekBG-1600x800.jpg 1600w, https:\/\/pcbc.org\/wp-content\/uploads\/2026\/03\/PCBC_HolyWeekBG-1280x640.jpg 1280w, https:\/\/pcbc.org\/wp-content\/uploads\/2026\/03\/PCBC_HolyWeekBG-1440x720.jpg 1440w, https:\/\/pcbc.org\/wp-content\/uploads\/2026\/03\/PCBC_HolyWeekBG-1536x768.jpg 1536w, https:\/\/pcbc.org\/wp-content\/uploads\/2026\/03\/PCBC_HolyWeekBG-600x300.jpg 600w, https:\/\/pcbc.org\/wp-content\/uploads\/2026\/03\/PCBC_HolyWeekBG.jpg 2000w\" sizes=\"auto, (max-width: 1600px) 100vw, 1600px\" \/><span aria-hidden=\"true\" class=\"wp-block-cover__background has-charcoal-background-color has-background-dim-20 has-background-dim\"><\/span><div class=\"wp-block-cover__inner-container has-global-padding is-layout-constrained wp-container-core-cover-is-layout-f430329b wp-block-cover-is-layout-constrained\">\n<div style=\"height:55px\" aria-hidden=\"true\" class=\"wp-block-spacer\"><\/div>\n\n\n\n<figure class=\"wp-block-image aligncenter size-full\"><img loading=\"lazy\" decoding=\"async\" width=\"1269\" height=\"241\" src=\"https:\/\/pcbc.org\/wp-content\/uploads\/2026\/03\/Texto-SemanaSanta.png\" alt=\"\" class=\"wp-image-18152\" srcset=\"https:\/\/pcbc.org\/wp-content\/uploads\/2026\/03\/Texto-SemanaSanta.png 1269w, https:\/\/pcbc.org\/wp-content\/uploads\/2026\/03\/Texto-SemanaSanta-600x114.png 600w\" sizes=\"auto, (max-width: 1269px) 100vw, 1269px\" \/><\/figure>\n\n\n\n<div style=\"height:55px\" aria-hidden=\"true\" class=\"wp-block-spacer\"><\/div>\n<\/div><\/div>\n\n\n\n<div class=\"wp-block-group alignfull has-background has-global-padding is-layout-constrained wp-block-group-is-layout-constrained\" style=\"background-color:#dfe3cf70;padding-top:var(--wp--preset--spacing--100);padding-bottom:var(--wp--preset--spacing--50)\">\n<h2 class=\"wp-block-heading alignwide has-text-align-center has-text-color has-link-color has-large-font-size wp-elements-43ad867b3c93edb4b9a825e86c806d43\" id=\"h-te-invitamos-a-acompanarnos-en-pcbc-durante-semana-santa-para-recordar-la-muerte-de-jesus-y-celebrar-con-gozo-la-esperanza-de-su-resurreccion\" style=\"color:#5e5e6b\">Te invitamos a acompa\u00f1arnos en PCBC durante Semana Santa para recordar la muerte de Jes\u00fas y celebrar con gozo la esperanza de Su resurrecci\u00f3n.<\/h2>\n<\/div>\n\n\n\n<div class=\"wp-block-group alignfull has-background has-global-padding is-layout-constrained wp-block-group-is-layout-constrained\" style=\"background-color:#dfe3cf70;padding-top:var(--wp--preset--spacing--50);padding-bottom:0\">\n<div class=\"wp-block-columns is-layout-flex wp-container-core-columns-is-layout-28f84493 wp-block-columns-is-layout-flex\">\n<div class=\"wp-block-column is-layout-flow wp-block-column-is-layout-flow\" style=\"flex-basis:100%\">\n<div class=\"wp-block-columns is-layout-flex wp-container-core-columns-is-layout-28f84493 wp-block-columns-is-layout-flex\">\n<div class=\"wp-block-column is-layout-flow wp-block-column-is-layout-flow\">\n<figure class=\"wp-block-image size-large\"><img loading=\"lazy\" decoding=\"async\" width=\"1600\" height=\"900\" src=\"https:\/\/pcbc.org\/wp-content\/uploads\/2026\/02\/SPA-PalmSunday2026-1-1600x900.jpg\" alt=\"\" class=\"wp-image-17640\" srcset=\"https:\/\/pcbc.org\/wp-content\/uploads\/2026\/02\/SPA-PalmSunday2026-1-1600x900.jpg 1600w, https:\/\/pcbc.org\/wp-content\/uploads\/2026\/02\/SPA-PalmSunday2026-1-1280x720.jpg 1280w, https:\/\/pcbc.org\/wp-content\/uploads\/2026\/02\/SPA-PalmSunday2026-1-1440x810.jpg 1440w, https:\/\/pcbc.org\/wp-content\/uploads\/2026\/02\/SPA-PalmSunday2026-1-1536x864.jpg 1536w, https:\/\/pcbc.org\/wp-content\/uploads\/2026\/02\/SPA-PalmSunday2026-1-600x338.jpg 600w, https:\/\/pcbc.org\/wp-content\/uploads\/2026\/02\/SPA-PalmSunday2026-1.jpg 1920w\" sizes=\"auto, (max-width: 1600px) 100vw, 1600px\" \/><\/figure>\n<\/div>\n\n\n\n<div class=\"wp-block-column is-layout-flow wp-block-column-is-layout-flow\">\n<h2 class=\"wp-block-heading has-text-color has-link-color has-x-large-font-size wp-elements-f7461578887d2674dae6bbf1c513f441\" id=\"h-domingo-de-ramos\" style=\"color:#ecbe67\">Domingo de Ramos<\/h2>\n\n\n\n<h2 class=\"wp-block-heading has-gray-color has-text-color has-link-color wp-elements-c1ec093dc699bfebc7499d3f5ae5a221\" id=\"h-domingo-marzo-29-12-30-p-m\">Domingo, Marzo 29<br>12:30 p.m.<\/h2>\n\n\n\n<p id=\"h-\">La adoraci\u00f3n en nuestro Servicio de Ramos nos preparar\u00e1 para la Semana Santa con m\u00fasica reflexiva y un mensaje que nos llevar\u00e1 a contemplar la entrada triunfal de Jes\u00fas.<\/p>\n<\/div>\n<\/div>\n<\/div>\n<\/div>\n<\/div>\n\n\n\n<div class=\"wp-block-group alignfull has-background has-global-padding is-layout-constrained wp-block-group-is-layout-constrained\" style=\"background-color:#dfe3cf70;padding-top:var(--wp--preset--spacing--50);padding-bottom:0\">\n<div class=\"wp-block-columns is-layout-flex wp-container-core-columns-is-layout-28f84493 wp-block-columns-is-layout-flex\">\n<div class=\"wp-block-column is-layout-flow wp-block-column-is-layout-flow\" style=\"flex-basis:100%\">\n<div class=\"wp-block-columns is-layout-flex wp-container-core-columns-is-layout-28f84493 wp-block-columns-is-layout-flex\">\n<div class=\"wp-block-column is-layout-flow wp-block-column-is-layout-flow\">\n<figure class=\"wp-block-image size-large\"><img loading=\"lazy\" decoding=\"async\" width=\"1600\" height=\"900\" src=\"https:\/\/pcbc.org\/wp-content\/uploads\/2026\/03\/SPA-GoodFriday2026-1600x900.jpg\" alt=\"\" class=\"wp-image-18158\" srcset=\"https:\/\/pcbc.org\/wp-content\/uploads\/2026\/03\/SPA-GoodFriday2026-1600x900.jpg 1600w, https:\/\/pcbc.org\/wp-content\/uploads\/2026\/03\/SPA-GoodFriday2026-1280x720.jpg 1280w, https:\/\/pcbc.org\/wp-content\/uploads\/2026\/03\/SPA-GoodFriday2026-1440x810.jpg 1440w, https:\/\/pcbc.org\/wp-content\/uploads\/2026\/03\/SPA-GoodFriday2026-1536x864.jpg 1536w, https:\/\/pcbc.org\/wp-content\/uploads\/2026\/03\/SPA-GoodFriday2026-600x338.jpg 600w, https:\/\/pcbc.org\/wp-content\/uploads\/2026\/03\/SPA-GoodFriday2026.jpg 1920w\" sizes=\"auto, (max-width: 1600px) 100vw, 1600px\" \/><\/figure>\n<\/div>\n\n\n\n<div class=\"wp-block-column is-layout-flow wp-block-column-is-layout-flow\">\n<h2 class=\"wp-block-heading has-text-color has-link-color has-x-large-font-size wp-elements-5432b24628231e8a9bff74593c47c990\" id=\"h-cena-del-senor-en-silencio\" style=\"color:#ecbe67;line-height:1.1\">Cena del Se\u00f1or en Silencio<\/h2>\n\n\n\n<h2 class=\"wp-block-heading has-gray-color has-text-color has-link-color wp-elements-df2f39089bd8e3b76a1a9d32b6ec48f1\" id=\"h-viernes-abril-3-11-00-a-m-1-00-p-m-4-00-7-00-p-m\">Viernes, Abril 3<br>11:00 a.m.-1:00 p.m. | 4:00-7:00 p.m.<\/h2>\n\n\n\n<p id=\"h-worship-in-the-great-hall\">Ven a la hora que te sea m\u00e1s conveniente para orar, reflexionar y participar de la Cena del Se\u00f1or.<\/p>\n<\/div>\n<\/div>\n<\/div>\n<\/div>\n<\/div>\n\n\n\n<div class=\"wp-block-group alignfull has-background has-global-padding is-layout-constrained wp-block-group-is-layout-constrained\" style=\"background-color:#dfe3cf70;padding-top:var(--wp--preset--spacing--50);padding-bottom:var(--wp--preset--spacing--50)\">\n<div class=\"wp-block-columns is-layout-flex wp-container-core-columns-is-layout-28f84493 wp-block-columns-is-layout-flex\">\n<div class=\"wp-block-column is-layout-flow wp-block-column-is-layout-flow\" style=\"flex-basis:100%\">\n<div class=\"wp-block-columns is-layout-flex wp-container-core-columns-is-layout-28f84493 wp-block-columns-is-layout-flex\">\n<div class=\"wp-block-column is-layout-flow wp-block-column-is-layout-flow\">\n<figure class=\"wp-block-image size-large\"><img loading=\"lazy\" decoding=\"async\" width=\"1600\" height=\"900\" src=\"https:\/\/pcbc.org\/wp-content\/uploads\/2026\/01\/Musical-Semana-Santa-1600x900.jpg\" alt=\"\" class=\"wp-image-17600\" srcset=\"https:\/\/pcbc.org\/wp-content\/uploads\/2026\/01\/Musical-Semana-Santa-1600x900.jpg 1600w, https:\/\/pcbc.org\/wp-content\/uploads\/2026\/01\/Musical-Semana-Santa-1280x720.jpg 1280w, https:\/\/pcbc.org\/wp-content\/uploads\/2026\/01\/Musical-Semana-Santa-1440x810.jpg 1440w, https:\/\/pcbc.org\/wp-content\/uploads\/2026\/01\/Musical-Semana-Santa-1536x864.jpg 1536w, https:\/\/pcbc.org\/wp-content\/uploads\/2026\/01\/Musical-Semana-Santa-600x338.jpg 600w, https:\/\/pcbc.org\/wp-content\/uploads\/2026\/01\/Musical-Semana-Santa.jpg 1920w\" sizes=\"auto, (max-width: 1600px) 100vw, 1600px\" \/><\/figure>\n<\/div>\n\n\n\n<div class=\"wp-block-column is-layout-flow wp-block-column-is-layout-flow\">\n<h2 class=\"wp-block-heading has-text-color has-link-color has-x-large-font-size wp-elements-4f4f5a3488d25c7d9f6febb1311966d7\" id=\"h-musical-de-semana-santa\" style=\"color:#ecbe67;line-height:1.1\">Musical de Semana Santa<\/h2>\n\n\n\n<h2 class=\"wp-block-heading has-gray-color has-text-color has-link-color wp-elements-e2e69dd5c0df98bcf247f2b44a966751\" id=\"h-viernes-abril-3-7-00-p-m\" style=\"line-height:0.7\">Viernes, Abril 3   7:00 p.m.<\/h2>\n\n\n\n<p id=\"h-worship-in-the-great-hall\">Vive una experiencia llena de adoraci\u00f3n y mensaje profundo al recordar la pasi\u00f3n, muerte y resurrecci\u00f3n de Jes\u00fas. <strong>\u00a1EVENTO GRATUITO!<\/strong><\/p>\n\n\n\n<div class=\"wp-block-buttons is-layout-flex wp-block-buttons-is-layout-flex\">\n<div class=\"wp-block-button is-style-outline is-style-outline--1\"><a class=\"wp-block-button__link wp-element-button\" href=\"https:\/\/parkcities.wufoo.com\/forms\/w1qqszxe1a2vh6m\/\">Boletos aqu\u00ed<\/a><\/div>\n<\/div>\n<\/div>\n<\/div>\n<\/div>\n<\/div>\n<\/div>\n\n\n\n<div class=\"wp-block-group alignfull has-background has-global-padding is-layout-constrained wp-block-group-is-layout-constrained\" style=\"background-color:#dfe3cf70;padding-top:0;padding-bottom:0\">\n<div class=\"wp-block-columns is-layout-flex wp-container-core-columns-is-layout-28f84493 wp-block-columns-is-layout-flex\">\n<div class=\"wp-block-column is-layout-flow wp-block-column-is-layout-flow\" style=\"flex-basis:100%\">\n<div class=\"wp-block-columns is-layout-flex wp-container-core-columns-is-layout-28f84493 wp-block-columns-is-layout-flex\">\n<div class=\"wp-block-column is-layout-flow wp-block-column-is-layout-flow\">\n<figure class=\"wp-block-image size-large\"><img loading=\"lazy\" decoding=\"async\" width=\"1600\" height=\"900\" src=\"https:\/\/pcbc.org\/wp-content\/uploads\/2026\/03\/SPA-Podcast-HolyWeek-1600x900.jpg\" alt=\"\" class=\"wp-image-18156\" srcset=\"https:\/\/pcbc.org\/wp-content\/uploads\/2026\/03\/SPA-Podcast-HolyWeek-1600x900.jpg 1600w, https:\/\/pcbc.org\/wp-content\/uploads\/2026\/03\/SPA-Podcast-HolyWeek-1280x720.jpg 1280w, https:\/\/pcbc.org\/wp-content\/uploads\/2026\/03\/SPA-Podcast-HolyWeek-1440x810.jpg 1440w, https:\/\/pcbc.org\/wp-content\/uploads\/2026\/03\/SPA-Podcast-HolyWeek-1536x864.jpg 1536w, https:\/\/pcbc.org\/wp-content\/uploads\/2026\/03\/SPA-Podcast-HolyWeek-600x338.jpg 600w, https:\/\/pcbc.org\/wp-content\/uploads\/2026\/03\/SPA-Podcast-HolyWeek.jpg 1920w\" sizes=\"auto, (max-width: 1600px) 100vw, 1600px\" \/><\/figure>\n<\/div>\n\n\n\n<div class=\"wp-block-column is-layout-flow wp-block-column-is-layout-flow\">\n<h2 class=\"wp-block-heading has-text-color has-link-color has-x-large-font-size wp-elements-614d13d564e1cdc3c76639e215d73e4e\" id=\"h-podcast-devocional-de-semana-santa\" style=\"color:#ecbe67;line-height:1.1\">Podcast Devocional de Semana Santa<\/h2>\n\n\n\n<h2 class=\"wp-block-heading has-gray-color has-text-color has-link-color wp-elements-5ed4f2165ef90bf6507670fecebb2c0b\" id=\"h-lanzamiento-el-29-de-marzo\">Lanzamiento el 29 de Marzo<\/h2>\n\n\n\n<p>Cada d\u00eda de la Semana Santa compartiremos un nuevo devocional en audio, dise\u00f1ado para guiar tu coraz\u00f3n y tu mente a trav\u00e9s de los momentos m\u00e1s importantes de esta semana.<\/p>\n<\/div>\n<\/div>\n<\/div>\n<\/div>\n<\/div>\n\n\n\n<div class=\"wp-block-group alignfull has-background has-global-padding is-layout-constrained wp-block-group-is-layout-constrained\" style=\"background:linear-gradient(180deg,rgba(223,227,207,0.44) 0%,rgba(227,190,123,0.52) 100%);padding-top:var(--wp--preset--spacing--50);padding-bottom:var(--wp--preset--spacing--50)\">\n<div class=\"wp-block-columns is-layout-flex wp-container-core-columns-is-layout-28f84493 wp-block-columns-is-layout-flex\">\n<div class=\"wp-block-column is-layout-flow wp-block-column-is-layout-flow\" style=\"flex-basis:100%\">\n<div class=\"wp-block-columns is-layout-flex wp-container-core-columns-is-layout-28f84493 wp-block-columns-is-layout-flex\">\n<div class=\"wp-block-column is-layout-flow wp-block-column-is-layout-flow\">\n<figure class=\"wp-block-image size-large\"><img loading=\"lazy\" decoding=\"async\" width=\"1600\" height=\"900\" src=\"https:\/\/pcbc.org\/wp-content\/uploads\/2026\/02\/SPA-PCBC_Easter-1-1600x900.jpg\" alt=\"\" class=\"wp-image-17643\" srcset=\"https:\/\/pcbc.org\/wp-content\/uploads\/2026\/02\/SPA-PCBC_Easter-1-1600x900.jpg 1600w, https:\/\/pcbc.org\/wp-content\/uploads\/2026\/02\/SPA-PCBC_Easter-1-1280x720.jpg 1280w, https:\/\/pcbc.org\/wp-content\/uploads\/2026\/02\/SPA-PCBC_Easter-1-1440x810.jpg 1440w, https:\/\/pcbc.org\/wp-content\/uploads\/2026\/02\/SPA-PCBC_Easter-1-1536x864.jpg 1536w, https:\/\/pcbc.org\/wp-content\/uploads\/2026\/02\/SPA-PCBC_Easter-1-600x338.jpg 600w, https:\/\/pcbc.org\/wp-content\/uploads\/2026\/02\/SPA-PCBC_Easter-1.jpg 1920w\" sizes=\"auto, (max-width: 1600px) 100vw, 1600px\" \/><\/figure>\n<\/div>\n\n\n\n<div class=\"wp-block-column is-layout-flow wp-block-column-is-layout-flow\">\n<h2 class=\"wp-block-heading has-text-color has-link-color has-x-large-font-size wp-elements-f88ea2850f97f5dffd50fc599303a338\" id=\"h-domingo-de-resurreccion\" style=\"color:#ecbe67;line-height:1\">Domingo de Resurrecci\u00f3n <\/h2>\n\n\n\n<h2 class=\"wp-block-heading has-gray-color has-text-color has-link-color wp-elements-6b1b50631bd6d2fdb01665627b1d02f7\" id=\"h-domingo-abril-5-12-30-p-m\" style=\"line-height:1.1\">Domingo, Abril 5<br>12:30 p.m.<\/h2>\n\n\n\n<p>Ven a celebrar con gozo y esperanza la resurrecci\u00f3n de nuestro Salvador Jesucristo en este servicio especial, donde proclamaremos que la tumba est\u00e1 vac\u00eda y que en \u00c9l tenemos vida nueva.<\/p>\n<\/div>\n<\/div>\n<\/div>\n<\/div>\n\n\n\n<div\n\taria-hidden=\"true\"\n\tclass=\"blocks block-responsive-spacer \"\n\t\tstyle=\"height: clamp(50px, calc(20px + 0.0625vw * 100), 100px)\">\n<\/div>\n<\/div>\n\n\n\n<div class=\"wp-block-cover alignfull is-light has-parallax\" style=\"min-height:300px;aspect-ratio:unset;\"><div class=\"wp-block-cover__image-background wp-image-17845 size-large has-parallax\" style=\"background-position:50% 50%;background-image:url(https:\/\/pcbc.org\/wp-content\/uploads\/2026\/03\/Easter-background-1600x900.png)\"><\/div><span aria-hidden=\"true\" class=\"wp-block-cover__background has-gray-background-color has-background-dim-30 has-background-dim\"><\/span><div class=\"wp-block-cover__inner-container has-global-padding is-layout-constrained wp-block-cover-is-layout-constrained\">\n<h2 class=\"wp-block-heading has-text-align-center has-white-color has-text-color has-link-color has-xx-large-font-size wp-elements-3a3223c70cd72392ecff4c1279b32aed\" id=\"h-preguntas-frecuentes\">Preguntas Frecuentes<\/h2>\n<\/div><\/div>\n\n\n\n<div\n\taria-hidden=\"true\"\n\tclass=\"blocks block-responsive-spacer \"\n\t\tstyle=\"height: clamp(50px, calc(50px + 0vw * 100), 50px)\">\n<\/div>\n\n\n\n<div class=\"wp-block-group has-global-padding is-layout-constrained wp-block-group-is-layout-constrained\">\n<details class=\"wp-block-details is-layout-flow wp-block-details-is-layout-flow\"><summary>\u00bfD\u00f3nde puedo estacionarme? \u00bfD\u00f3nde est\u00e1n ubicados el Santuario y el Great Hall?<\/summary>\n<p>Habr\u00e1 estacionamiento disponible en los niveles P1, P2 y P3 del estacionamiento de PCBC. Tambi\u00e9n habr\u00e1 estacionamiento adicional en el estacionamiento de Preston Center Plaza.<br>Miembros de la iglesia: para ayudarnos a hacer espacio para nuestros numerosos invitados, les pedimos amablemente que utilicen el estacionamiento fuera del campus.<\/p>\n\n\n\n<figure class=\"wp-block-image size-large\"><img loading=\"lazy\" decoding=\"async\" width=\"1600\" height=\"900\" src=\"https:\/\/pcbc.org\/wp-content\/uploads\/2025\/03\/easterparkingmap-3-1-1600x900.jpg\" alt=\"\" class=\"wp-image-5573\" srcset=\"https:\/\/pcbc.org\/wp-content\/uploads\/2025\/03\/easterparkingmap-3-1-1600x900.jpg 1600w, https:\/\/pcbc.org\/wp-content\/uploads\/2025\/03\/easterparkingmap-3-1-1280x720.jpg 1280w, https:\/\/pcbc.org\/wp-content\/uploads\/2025\/03\/easterparkingmap-3-1-1440x810.jpg 1440w, https:\/\/pcbc.org\/wp-content\/uploads\/2025\/03\/easterparkingmap-3-1-1536x864.jpg 1536w, https:\/\/pcbc.org\/wp-content\/uploads\/2025\/03\/easterparkingmap-3-1-600x338.jpg 600w, https:\/\/pcbc.org\/wp-content\/uploads\/2025\/03\/easterparkingmap-3-1.jpg 1920w\" sizes=\"auto, (max-width: 1600px) 100vw, 1600px\" \/><\/figure>\n<\/details>\n\n\n\n<details class=\"wp-block-details is-layout-flow wp-block-details-is-layout-flow\"><summary>\u00bfHabr\u00e1 cuidado de ni\u00f1os? \u00bfPara qu\u00e9 edades?<\/summary>\n<p>Habr\u00e1 cuidado de ni\u00f1os disponible para&nbsp;beb\u00e9s hasta Kinder durante el servicio de adoraci\u00f3n.<br>Los ni\u00f1os de&nbsp;primer grado en adelante&nbsp;les animamos a participar en la adoraci\u00f3n con sus familias, \u00a1y los m\u00e1s peque\u00f1os tambi\u00e9n son siempre bienvenidos en el servicio!<\/p>\n<\/details>\n\n\n\n<details class=\"wp-block-details is-layout-flow wp-block-details-is-layout-flow\"><summary>\u00bfSe transmitir\u00e1n los servicios en vivo?<\/summary>\n<p>\u00a1S\u00ed! Nuestros servicio de adoraci\u00f3n ser\u00e1 transmitido en vivo. Si no puedes acompa\u00f1arnos en persona, nos encantar\u00eda que adores con nosotros en l\u00ednea.<\/p>\n<\/details>\n\n\n\n<details class=\"wp-block-details is-layout-flow wp-block-details-is-layout-flow\"><summary>\u00bfQu\u00e9 pasa si tengo otras preguntas o necesidades especiales?<\/summary>\n<p>Nos encantar\u00eda ayudarte. Comun\u00edcate con&nbsp;<strong>Alma<\/strong>, a: <a href=\"mailto:aescobar@pcbc.org\">aescobar@pcbc.org<\/a><\/p>\n<\/details>\n<\/div>\n\n\n\n<div\n\taria-hidden=\"true\"\n\tclass=\"blocks block-responsive-spacer \"\n\t\tstyle=\"height: clamp(50px, calc(20px + 0.0625vw * 100), 100px)\">\n<\/div>\n\n\n\n<figure class=\"wp-block-gallery alignfull has-nested-images columns-6 wp-block-gallery-2 is-layout-flex wp-block-gallery-is-layout-flex\">\n<figure class=\"wp-block-image size-large\" style=\"margin-right:0px;margin-left:0px\"><img loading=\"lazy\" decoding=\"async\" width=\"1067\" height=\"1600\" data-id=\"18161\" src=\"https:\/\/pcbc.org\/wp-content\/uploads\/2026\/03\/1A9A0491-1067x1600.jpeg\" alt=\"\" class=\"wp-image-18161\" srcset=\"https:\/\/pcbc.org\/wp-content\/uploads\/2026\/03\/1A9A0491-1067x1600.jpeg 1067w, https:\/\/pcbc.org\/wp-content\/uploads\/2026\/03\/1A9A0491-853x1280.jpeg 853w, https:\/\/pcbc.org\/wp-content\/uploads\/2026\/03\/1A9A0491-960x1440.jpeg 960w, https:\/\/pcbc.org\/wp-content\/uploads\/2026\/03\/1A9A0491-1024x1536.jpeg 1024w, https:\/\/pcbc.org\/wp-content\/uploads\/2026\/03\/1A9A0491-1365x2048.jpeg 1365w, https:\/\/pcbc.org\/wp-content\/uploads\/2026\/03\/1A9A0491-600x900.jpeg 600w, https:\/\/pcbc.org\/wp-content\/uploads\/2026\/03\/1A9A0491-scaled.jpeg 1707w\" sizes=\"auto, (max-width: 1067px) 100vw, 1067px\" \/><\/figure>\n\n\n\n<figure class=\"wp-block-image size-large\"><img loading=\"lazy\" decoding=\"async\" width=\"1067\" height=\"1600\" data-id=\"5586\" src=\"https:\/\/pcbc.org\/wp-content\/uploads\/2025\/03\/PCEaster2022-30-1067x1600.jpg\" alt=\"\" class=\"wp-image-5586\" srcset=\"https:\/\/pcbc.org\/wp-content\/uploads\/2025\/03\/PCEaster2022-30-1067x1600.jpg 1067w, https:\/\/pcbc.org\/wp-content\/uploads\/2025\/03\/PCEaster2022-30-853x1280.jpg 853w, https:\/\/pcbc.org\/wp-content\/uploads\/2025\/03\/PCEaster2022-30-960x1440.jpg 960w, https:\/\/pcbc.org\/wp-content\/uploads\/2025\/03\/PCEaster2022-30-1024x1536.jpg 1024w, https:\/\/pcbc.org\/wp-content\/uploads\/2025\/03\/PCEaster2022-30-1365x2048.jpg 1365w, https:\/\/pcbc.org\/wp-content\/uploads\/2025\/03\/PCEaster2022-30-600x900.jpg 600w, https:\/\/pcbc.org\/wp-content\/uploads\/2025\/03\/PCEaster2022-30-scaled.jpg 1707w\" sizes=\"auto, (max-width: 1067px) 100vw, 1067px\" \/><\/figure>\n\n\n\n<figure class=\"wp-block-image size-large\"><img loading=\"lazy\" decoding=\"async\" width=\"1043\" height=\"1600\" data-id=\"18165\" src=\"https:\/\/pcbc.org\/wp-content\/uploads\/2026\/03\/1A9A0605-1043x1600.jpeg\" alt=\"\" class=\"wp-image-18165\" srcset=\"https:\/\/pcbc.org\/wp-content\/uploads\/2026\/03\/1A9A0605-1043x1600.jpeg 1043w, https:\/\/pcbc.org\/wp-content\/uploads\/2026\/03\/1A9A0605-834x1280.jpeg 834w, https:\/\/pcbc.org\/wp-content\/uploads\/2026\/03\/1A9A0605-938x1440.jpeg 938w, https:\/\/pcbc.org\/wp-content\/uploads\/2026\/03\/1A9A0605-1001x1536.jpeg 1001w, https:\/\/pcbc.org\/wp-content\/uploads\/2026\/03\/1A9A0605-1335x2048.jpeg 1335w, https:\/\/pcbc.org\/wp-content\/uploads\/2026\/03\/1A9A0605-600x921.jpeg 600w, https:\/\/pcbc.org\/wp-content\/uploads\/2026\/03\/1A9A0605-scaled.jpeg 1668w\" sizes=\"auto, (max-width: 1043px) 100vw, 1043px\" \/><\/figure>\n\n\n\n<figure class=\"wp-block-image size-large\"><img loading=\"lazy\" decoding=\"async\" width=\"1087\" height=\"1600\" data-id=\"18167\" src=\"https:\/\/pcbc.org\/wp-content\/uploads\/2026\/03\/1A9A0457-scaled-e1773174979913-1087x1600.jpeg\" alt=\"\" class=\"wp-image-18167\" srcset=\"https:\/\/pcbc.org\/wp-content\/uploads\/2026\/03\/1A9A0457-scaled-e1773174979913-1087x1600.jpeg 1087w, https:\/\/pcbc.org\/wp-content\/uploads\/2026\/03\/1A9A0457-scaled-e1773174979913-870x1280.jpeg 870w, https:\/\/pcbc.org\/wp-content\/uploads\/2026\/03\/1A9A0457-scaled-e1773174979913-979x1440.jpeg 979w, https:\/\/pcbc.org\/wp-content\/uploads\/2026\/03\/1A9A0457-scaled-e1773174979913-1044x1536.jpeg 1044w, https:\/\/pcbc.org\/wp-content\/uploads\/2026\/03\/1A9A0457-scaled-e1773174979913-1392x2048.jpeg 1392w, https:\/\/pcbc.org\/wp-content\/uploads\/2026\/03\/1A9A0457-scaled-e1773174979913-600x883.jpeg 600w, https:\/\/pcbc.org\/wp-content\/uploads\/2026\/03\/1A9A0457-scaled-e1773174979913.jpeg 1400w\" sizes=\"auto, (max-width: 1087px) 100vw, 1087px\" \/><\/figure>\n\n\n\n<figure class=\"wp-block-image size-large\"><img loading=\"lazy\" decoding=\"async\" width=\"1067\" height=\"1600\" data-id=\"5590\" src=\"https:\/\/pcbc.org\/wp-content\/uploads\/2025\/03\/Photo-Apr-09-2023-10-08-29-AM-1067x1600.jpg\" alt=\"\" class=\"wp-image-5590\" srcset=\"https:\/\/pcbc.org\/wp-content\/uploads\/2025\/03\/Photo-Apr-09-2023-10-08-29-AM-1067x1600.jpg 1067w, https:\/\/pcbc.org\/wp-content\/uploads\/2025\/03\/Photo-Apr-09-2023-10-08-29-AM-853x1280.jpg 853w, https:\/\/pcbc.org\/wp-content\/uploads\/2025\/03\/Photo-Apr-09-2023-10-08-29-AM-960x1440.jpg 960w, https:\/\/pcbc.org\/wp-content\/uploads\/2025\/03\/Photo-Apr-09-2023-10-08-29-AM-1024x1536.jpg 1024w, https:\/\/pcbc.org\/wp-content\/uploads\/2025\/03\/Photo-Apr-09-2023-10-08-29-AM-1365x2048.jpg 1365w, https:\/\/pcbc.org\/wp-content\/uploads\/2025\/03\/Photo-Apr-09-2023-10-08-29-AM-600x900.jpg 600w, https:\/\/pcbc.org\/wp-content\/uploads\/2025\/03\/Photo-Apr-09-2023-10-08-29-AM-scaled.jpg 1707w\" sizes=\"auto, (max-width: 1067px) 100vw, 1067px\" \/><\/figure>\n\n\n\n<figure class=\"wp-block-image size-large\"><img loading=\"lazy\" decoding=\"async\" width=\"1067\" height=\"1600\" data-id=\"5588\" src=\"https:\/\/pcbc.org\/wp-content\/uploads\/2025\/03\/Photo-Apr-09-2023-6-55-06-AM-1067x1600.jpg\" alt=\"\" class=\"wp-image-5588\" srcset=\"https:\/\/pcbc.org\/wp-content\/uploads\/2025\/03\/Photo-Apr-09-2023-6-55-06-AM-1067x1600.jpg 1067w, https:\/\/pcbc.org\/wp-content\/uploads\/2025\/03\/Photo-Apr-09-2023-6-55-06-AM-853x1280.jpg 853w, https:\/\/pcbc.org\/wp-content\/uploads\/2025\/03\/Photo-Apr-09-2023-6-55-06-AM-960x1440.jpg 960w, https:\/\/pcbc.org\/wp-content\/uploads\/2025\/03\/Photo-Apr-09-2023-6-55-06-AM-1024x1536.jpg 1024w, https:\/\/pcbc.org\/wp-content\/uploads\/2025\/03\/Photo-Apr-09-2023-6-55-06-AM-1365x2048.jpg 1365w, https:\/\/pcbc.org\/wp-content\/uploads\/2025\/03\/Photo-Apr-09-2023-6-55-06-AM-600x900.jpg 600w, https:\/\/pcbc.org\/wp-content\/uploads\/2025\/03\/Photo-Apr-09-2023-6-55-06-AM-scaled.jpg 1707w\" sizes=\"auto, (max-width: 1067px) 100vw, 1067px\" \/><\/figure>\n<\/figure>\n\n\n\n<p><\/p>\n","protected":false},"excerpt":{"rendered":"<p>Te invitamos a acompa\u00f1arnos en PCBC durante Semana Santa para recordar la muerte de Jes\u00fas y celebrar con gozo la esperanza de Su resurrecci\u00f3n. Domingo de Ramos Domingo, Marzo 2912:30&hellip; <a class=\"more-link\" href=\"https:\/\/pcbc.org\/es\/pascua2026\/\">Sigue Leyendo<\/a><\/p>\n","protected":false},"author":12,"featured_media":0,"parent":0,"menu_order":0,"comment_status":"closed","ping_status":"closed","template":"","meta":{"_acf_changed":false,"footnotes":""},"class_list":["post-5715","page","type-page","status-publish","hentry"],"acf":[],"yoast_head":"<!-- This site is optimized with the Yoast SEO Premium plugin v27.3 (Yoast SEO v27.3) - https:\/\/yoast.com\/product\/yoast-seo-premium-wordpress\/ -->\n<title>Pascua - Park Cities Baptist Church<\/title>\n<meta name=\"description\" content=\"Te invitamos a acompa\u00f1arnos en PCBC durante Semana Santa para recordar la muerte de Jes\u00fas y celebrar con gozo la esperanza de Su resurrecci\u00f3n. Domingo de\" \/>\n<meta name=\"robots\" content=\"index, follow, max-snippet:-1, max-image-preview:large, max-video-preview:-1\" \/>\n<link rel=\"canonical\" href=\"https:\/\/pcbc.org\/es\/pascua2026\/\" \/>\n<meta property=\"og:locale\" content=\"es_ES\" \/>\n<meta property=\"og:type\" content=\"article\" \/>\n<meta property=\"og:title\" content=\"Pascua\" \/>\n<meta property=\"og:description\" content=\"Te invitamos a acompa\u00f1arnos en PCBC durante Semana Santa para recordar la muerte de Jes\u00fas y celebrar con gozo la esperanza de Su resurrecci\u00f3n. Domingo de\" \/>\n<meta property=\"og:url\" content=\"https:\/\/pcbc.org\/es\/pascua2026\/\" \/>\n<meta property=\"og:site_name\" content=\"Park Cities Baptist Church\" \/>\n<meta property=\"article:publisher\" content=\"https:\/\/www.facebook.com\/parkcitiesbaptist\" \/>\n<meta property=\"article:modified_time\" content=\"2026-04-03T17:24:06+00:00\" \/>\n<meta property=\"og:image\" content=\"https:\/\/pcbc.org\/wp-content\/uploads\/2026\/03\/PCBC_HolyWeekBG.jpg\" \/>\n\t<meta property=\"og:image:width\" content=\"2000\" \/>\n\t<meta property=\"og:image:height\" content=\"1000\" \/>\n\t<meta property=\"og:image:type\" content=\"image\/jpeg\" \/>\n<meta name=\"twitter:card\" content=\"summary_large_image\" \/>\n<meta name=\"twitter:site\" content=\"@parkcitiesbap\" \/>\n<meta name=\"twitter:label1\" content=\"Tiempo de lectura\" \/>\n\t<meta name=\"twitter:data1\" content=\"5 minutos\" \/>\n<script type=\"application\/ld+json\" class=\"yoast-schema-graph\">{\"@context\":\"https:\\\/\\\/schema.org\",\"@graph\":[{\"@type\":\"WebPage\",\"@id\":\"https:\\\/\\\/pcbc.org\\\/es\\\/pascua2026\\\/\",\"url\":\"https:\\\/\\\/pcbc.org\\\/es\\\/pascua2026\\\/\",\"name\":\"Pascua - Park Cities Baptist Church\",\"isPartOf\":{\"@id\":\"https:\\\/\\\/pcbc.org\\\/es\\\/#website\"},\"primaryImageOfPage\":{\"@id\":\"https:\\\/\\\/pcbc.org\\\/es\\\/pascua2026\\\/#primaryimage\"},\"image\":{\"@id\":\"https:\\\/\\\/pcbc.org\\\/es\\\/pascua2026\\\/#primaryimage\"},\"thumbnailUrl\":\"https:\\\/\\\/pcbc.org\\\/wp-content\\\/uploads\\\/2026\\\/03\\\/PCBC_HolyWeekBG-1600x800.jpg\",\"datePublished\":\"2025-03-18T01:39:49+00:00\",\"dateModified\":\"2026-04-03T17:24:06+00:00\",\"description\":\"Te invitamos a acompa\u00f1arnos en PCBC durante Semana Santa para recordar la muerte de Jes\u00fas y celebrar con gozo la esperanza de Su resurrecci\u00f3n. Domingo de\",\"breadcrumb\":{\"@id\":\"https:\\\/\\\/pcbc.org\\\/es\\\/pascua2026\\\/#breadcrumb\"},\"inLanguage\":\"es\",\"potentialAction\":[{\"@type\":\"ReadAction\",\"target\":[\"https:\\\/\\\/pcbc.org\\\/es\\\/pascua2026\\\/\"]}]},{\"@type\":\"ImageObject\",\"inLanguage\":\"es\",\"@id\":\"https:\\\/\\\/pcbc.org\\\/es\\\/pascua2026\\\/#primaryimage\",\"url\":\"https:\\\/\\\/pcbc.org\\\/wp-content\\\/uploads\\\/2026\\\/03\\\/PCBC_HolyWeekBG-1600x800.jpg\",\"contentUrl\":\"https:\\\/\\\/pcbc.org\\\/wp-content\\\/uploads\\\/2026\\\/03\\\/PCBC_HolyWeekBG-1600x800.jpg\"},{\"@type\":\"BreadcrumbList\",\"@id\":\"https:\\\/\\\/pcbc.org\\\/es\\\/pascua2026\\\/#breadcrumb\",\"itemListElement\":[{\"@type\":\"ListItem\",\"position\":1,\"name\":\"Home\",\"item\":\"https:\\\/\\\/pcbc.org\\\/es\\\/\"},{\"@type\":\"ListItem\",\"position\":2,\"name\":\"Pascua\"}]},{\"@type\":\"WebSite\",\"@id\":\"https:\\\/\\\/pcbc.org\\\/es\\\/#website\",\"url\":\"https:\\\/\\\/pcbc.org\\\/es\\\/\",\"name\":\"Park Cities Baptist Church\",\"description\":\"Leading all generations to love Jesus\",\"publisher\":{\"@id\":\"https:\\\/\\\/pcbc.org\\\/es\\\/#organization\"},\"alternateName\":\"PCBC\",\"potentialAction\":[{\"@type\":\"SearchAction\",\"target\":{\"@type\":\"EntryPoint\",\"urlTemplate\":\"https:\\\/\\\/pcbc.org\\\/es\\\/?s={search_term_string}\"},\"query-input\":{\"@type\":\"PropertyValueSpecification\",\"valueRequired\":true,\"valueName\":\"search_term_string\"}}],\"inLanguage\":\"es\"},{\"@type\":\"Organization\",\"@id\":\"https:\\\/\\\/pcbc.org\\\/es\\\/#organization\",\"name\":\"Park Cities Baptist Church\",\"alternateName\":\"PCBC\",\"url\":\"https:\\\/\\\/pcbc.org\\\/es\\\/\",\"logo\":{\"@type\":\"ImageObject\",\"inLanguage\":\"es\",\"@id\":\"https:\\\/\\\/pcbc.org\\\/es\\\/#\\\/schema\\\/logo\\\/image\\\/\",\"url\":\"https:\\\/\\\/pcbc.org\\\/wp-content\\\/uploads\\\/2024\\\/07\\\/Logo.png\",\"contentUrl\":\"https:\\\/\\\/pcbc.org\\\/wp-content\\\/uploads\\\/2024\\\/07\\\/Logo.png\",\"width\":600,\"height\":126,\"caption\":\"Park Cities Baptist Church\"},\"image\":{\"@id\":\"https:\\\/\\\/pcbc.org\\\/es\\\/#\\\/schema\\\/logo\\\/image\\\/\"},\"sameAs\":[\"https:\\\/\\\/www.facebook.com\\\/parkcitiesbaptist\",\"https:\\\/\\\/x.com\\\/parkcitiesbap\",\"https:\\\/\\\/www.instagram.com\\\/parkcitiesbaptistchurch\\\/\",\"https:\\\/\\\/www.youtube.com\\\/parkcitiesbaptistchurch\"]}]}<\/script>\n<!-- \/ Yoast SEO Premium plugin. -->","yoast_head_json":{"title":"Pascua - Park Cities Baptist Church","description":"Te invitamos a acompa\u00f1arnos en PCBC durante Semana Santa para recordar la muerte de Jes\u00fas y celebrar con gozo la esperanza de Su resurrecci\u00f3n. Domingo de","robots":{"index":"index","follow":"follow","max-snippet":"max-snippet:-1","max-image-preview":"max-image-preview:large","max-video-preview":"max-video-preview:-1"},"canonical":"https:\/\/pcbc.org\/es\/pascua2026\/","og_locale":"es_ES","og_type":"article","og_title":"Pascua","og_description":"Te invitamos a acompa\u00f1arnos en PCBC durante Semana Santa para recordar la muerte de Jes\u00fas y celebrar con gozo la esperanza de Su resurrecci\u00f3n. Domingo de","og_url":"https:\/\/pcbc.org\/es\/pascua2026\/","og_site_name":"Park Cities Baptist Church","article_publisher":"https:\/\/www.facebook.com\/parkcitiesbaptist","article_modified_time":"2026-04-03T17:24:06+00:00","og_image":[{"width":2000,"height":1000,"url":"https:\/\/pcbc.org\/wp-content\/uploads\/2026\/03\/PCBC_HolyWeekBG.jpg","type":"image\/jpeg"}],"twitter_card":"summary_large_image","twitter_site":"@parkcitiesbap","twitter_misc":{"Tiempo de lectura":"5 minutos"},"schema":{"@context":"https:\/\/schema.org","@graph":[{"@type":"WebPage","@id":"https:\/\/pcbc.org\/es\/pascua2026\/","url":"https:\/\/pcbc.org\/es\/pascua2026\/","name":"Pascua - Park Cities Baptist Church","isPartOf":{"@id":"https:\/\/pcbc.org\/es\/#website"},"primaryImageOfPage":{"@id":"https:\/\/pcbc.org\/es\/pascua2026\/#primaryimage"},"image":{"@id":"https:\/\/pcbc.org\/es\/pascua2026\/#primaryimage"},"thumbnailUrl":"https:\/\/pcbc.org\/wp-content\/uploads\/2026\/03\/PCBC_HolyWeekBG-1600x800.jpg","datePublished":"2025-03-18T01:39:49+00:00","dateModified":"2026-04-03T17:24:06+00:00","description":"Te invitamos a acompa\u00f1arnos en PCBC durante Semana Santa para recordar la muerte de Jes\u00fas y celebrar con gozo la esperanza de Su resurrecci\u00f3n. Domingo de","breadcrumb":{"@id":"https:\/\/pcbc.org\/es\/pascua2026\/#breadcrumb"},"inLanguage":"es","potentialAction":[{"@type":"ReadAction","target":["https:\/\/pcbc.org\/es\/pascua2026\/"]}]},{"@type":"ImageObject","inLanguage":"es","@id":"https:\/\/pcbc.org\/es\/pascua2026\/#primaryimage","url":"https:\/\/pcbc.org\/wp-content\/uploads\/2026\/03\/PCBC_HolyWeekBG-1600x800.jpg","contentUrl":"https:\/\/pcbc.org\/wp-content\/uploads\/2026\/03\/PCBC_HolyWeekBG-1600x800.jpg"},{"@type":"BreadcrumbList","@id":"https:\/\/pcbc.org\/es\/pascua2026\/#breadcrumb","itemListElement":[{"@type":"ListItem","position":1,"name":"Home","item":"https:\/\/pcbc.org\/es\/"},{"@type":"ListItem","position":2,"name":"Pascua"}]},{"@type":"WebSite","@id":"https:\/\/pcbc.org\/es\/#website","url":"https:\/\/pcbc.org\/es\/","name":"Park Cities Baptist Church","description":"Leading all generations to love Jesus","publisher":{"@id":"https:\/\/pcbc.org\/es\/#organization"},"alternateName":"PCBC","potentialAction":[{"@type":"SearchAction","target":{"@type":"EntryPoint","urlTemplate":"https:\/\/pcbc.org\/es\/?s={search_term_string}"},"query-input":{"@type":"PropertyValueSpecification","valueRequired":true,"valueName":"search_term_string"}}],"inLanguage":"es"},{"@type":"Organization","@id":"https:\/\/pcbc.org\/es\/#organization","name":"Park Cities Baptist Church","alternateName":"PCBC","url":"https:\/\/pcbc.org\/es\/","logo":{"@type":"ImageObject","inLanguage":"es","@id":"https:\/\/pcbc.org\/es\/#\/schema\/logo\/image\/","url":"https:\/\/pcbc.org\/wp-content\/uploads\/2024\/07\/Logo.png","contentUrl":"https:\/\/pcbc.org\/wp-content\/uploads\/2024\/07\/Logo.png","width":600,"height":126,"caption":"Park Cities Baptist Church"},"image":{"@id":"https:\/\/pcbc.org\/es\/#\/schema\/logo\/image\/"},"sameAs":["https:\/\/www.facebook.com\/parkcitiesbaptist","https:\/\/x.com\/parkcitiesbap","https:\/\/www.instagram.com\/parkcitiesbaptistchurch\/","https:\/\/www.youtube.com\/parkcitiesbaptistchurch"]}]}},"_links":{"self":[{"href":"https:\/\/pcbc.org\/es\/wp-json\/wp\/v2\/pages\/5715","targetHints":{"allow":["GET"]}}],"collection":[{"href":"https:\/\/pcbc.org\/es\/wp-json\/wp\/v2\/pages"}],"about":[{"href":"https:\/\/pcbc.org\/es\/wp-json\/wp\/v2\/types\/page"}],"author":[{"embeddable":true,"href":"https:\/\/pcbc.org\/es\/wp-json\/wp\/v2\/users\/12"}],"replies":[{"embeddable":true,"href":"https:\/\/pcbc.org\/es\/wp-json\/wp\/v2\/comments?post=5715"}],"version-history":[{"count":41,"href":"https:\/\/pcbc.org\/es\/wp-json\/wp\/v2\/pages\/5715\/revisions"}],"predecessor-version":[{"id":18950,"href":"https:\/\/pcbc.org\/es\/wp-json\/wp\/v2\/pages\/5715\/revisions\/18950"}],"wp:attachment":[{"href":"https:\/\/pcbc.org\/es\/wp-json\/wp\/v2\/media?parent=5715"}],"curies":[{"name":"wp","href":"https:\/\/api.w.org\/{rel}","templated":true}]}}